{"id":399,"date":"2024-01-22T16:13:12","date_gmt":"2024-01-22T15:13:12","guid":{"rendered":"https:\/\/koehler-kn.de\/ernst\/?page_id=399"},"modified":"2024-01-22T16:39:14","modified_gmt":"2024-01-22T15:39:14","slug":"ueber-den-autor","status":"publish","type":"page","link":"https:\/\/koehler-kn.de\/ernst\/ueber-den-autor\/","title":{"rendered":"\u00dcber den Autor"},"content":{"rendered":"<p><b>Ernst K\u00f6hler<\/b> (* 1939 in Aachen) ist ein deutscher Historiker und Publizist.<\/p>\n<p>K\u00f6hler studierte Germanistik und Geschichte in Freiburg. Nach der Promotion 1968 (<i>Bildungsb\u00fcrgertum und nationale Politik<\/i>, Gehlen 1970) arbeitete er zun\u00e4chst \u00fcber die Geschichte der Psychiatrie im 19.\u00a0Jahrhundert. Er habilitierte sich an der Universit\u00e4t Konstanz mit einer Arbeit \u00fcber die Geschichte der deutschen Psychiatrie (<i>Arme und Irre<\/i>, 1977) und nahm dort eine befristete Dozentent\u00e4tigkeit auf. Nach dem Auslaufen dieser Anstellung lebte K\u00f6hler von unterschiedlichen T\u00e4tigkeiten als Regionalhistoriker im Bodenseeraum und als Gymnasiallehrer; gleichzeitig lehrte er in Konstanz bis 2009 als Privatdozent f\u00fcr Neuere Geschichte.<\/p>\n<p>K\u00f6hlers gegenw\u00e4rtiger historischer und publizistischer Schwerpunkt ist die Geschichte der Nachfolgestaaten Jugoslawiens. Die Ergebnisse von zahlreichen Informationsreisen und einer DAAD-Gastdozentur an den beiden Universit\u00e4ten von Mostar (Bosnien) ver\u00f6ffentlicht er in Zeitungsbeitr\u00e4gen, Essays und Vortr\u00e4gen. Im S\u00fcdkurier schreibt er als freier Mitarbeiter eine Kolumne mit politischen Kommentaren. Gelegentlich schreibt K\u00f6hler auch Glossen, Gedichte, und Erz\u00e4hlungen \u00fcber die Skurrilit\u00e4ten in seinem Leben.<\/p>\n<p>K\u00f6hler ist verheiratet und hat zwei Kinder. Er lebt in Konstanz.<\/p>\n<hr \/>\n<p>Quelle: Wikipedia, Artikel &#8222;<a href=\"https:\/\/de.wikipedia.org\/wiki\/Ernst_K%C3%B6hler_(Historiker)\">Ernst K\u00f6hler (Historiker)<\/a>&#8220; in der Version vom 19.4.2023, von den Benutzern Probono (78\u202f%), MBq (6\u202f%), Miebner (4\u202f%), 20 weiteren Autoren (12\u202f%). Lizenz = <a href=\"https:\/\/creativecommons.org\/licenses\/by-sa\/4.0\/deed.de\">Creative-Commons mit Namensnennung und Weitergabe unter gleichen Bedingungen<\/a>.<\/p>\n<hr \/>\n<p>Kontakt: &lt;vorname von E.K.&gt;@&lt;Nachname von E.K. mit oe statt \u00f6&gt;-kn.de<\/p>\n","protected":false},"excerpt":{"rendered":"<p>Ernst K\u00f6hler (* 1939 in Aachen) ist ein deutscher Historiker und Publizist. K\u00f6hler studierte Germanistik und Geschichte in Freiburg. Nach der Promotion 1968 (Bildungsb\u00fcrgertum und nationale Politik, Gehlen 1970) arbeitete er zun\u00e4chst \u00fcber die Geschichte der Psychiatrie im 19.\u00a0Jahrhundert. Er habilitierte sich an der Universit\u00e4t Konstanz mit einer Arbeit \u00fcber die Geschichte der deutschen Psychiatrie &hellip; <a href=\"https:\/\/koehler-kn.de\/ernst\/ueber-den-autor\/\" class=\"more-link\"><span class=\"screen-reader-text\">\u201e\u00dcber den Autor\u201c <\/span>weiterlesen<\/a><\/p>\n","protected":false},"author":1,"featured_media":353,"parent":0,"menu_order":0,"comment_status":"closed","ping_status":"closed","template":"","meta":{"footnotes":""},"class_list":["post-399","page","type-page","status-publish","has-post-thumbnail","hentry"],"_links":{"self":[{"href":"https:\/\/koehler-kn.de\/ernst\/wp-json\/wp\/v2\/pages\/399","targetHints":{"allow":["GET"]}}],"collection":[{"href":"https:\/\/koehler-kn.de\/ernst\/wp-json\/wp\/v2\/pages"}],"about":[{"href":"https:\/\/koehler-kn.de\/ernst\/wp-json\/wp\/v2\/types\/page"}],"author":[{"embeddable":true,"href":"https:\/\/koehler-kn.de\/ernst\/wp-json\/wp\/v2\/users\/1"}],"replies":[{"embeddable":true,"href":"https:\/\/koehler-kn.de\/ernst\/wp-json\/wp\/v2\/comments?post=399"}],"version-history":[{"count":3,"href":"https:\/\/koehler-kn.de\/ernst\/wp-json\/wp\/v2\/pages\/399\/revisions"}],"predecessor-version":[{"id":403,"href":"https:\/\/koehler-kn.de\/ernst\/wp-json\/wp\/v2\/pages\/399\/revisions\/403"}],"wp:featuredmedia":[{"embeddable":true,"href":"https:\/\/koehler-kn.de\/ernst\/wp-json\/wp\/v2\/media\/353"}],"wp:attachment":[{"href":"https:\/\/koehler-kn.de\/ernst\/wp-json\/wp\/v2\/media?parent=399"}],"curies":[{"name":"wp","href":"https:\/\/api.w.org\/{rel}","templated":true}]}}